{"id":5794,"date":"2024-01-16T12:31:48","date_gmt":"2024-01-16T11:31:48","guid":{"rendered":"https:\/\/jobs.alken-maes.com\/?post_type=testimonial&#038;p=5794"},"modified":"2024-06-10T13:21:45","modified_gmt":"2024-06-10T12:21:45","slug":"le-point-de-vue-de-laura-richard-et-dauphine-dormans-stagiaires-en-vente","status":"publish","type":"testimonial","link":"https:\/\/jobs.alken-maes.com\/fr\/testimonial\/le-point-de-vue-de-laura-richard-et-dauphine-dormans-stagiaires-en-vente\/","title":{"rendered":"Laura &amp; Dauphine"},"content":{"rendered":"\n<p><strong>Avec notre stage de vente, Alken-Maes vous offre une fa\u00e7on unique d&rsquo;\u00e9voluer au sein de notre organisation : vous commencez les six premiers mois en Out-of-home (secteur de l\u2019Horeca, \u00e9v\u00e9nements) ou Off-trade (retail) et au milieu de l&rsquo;ann\u00e9e, vous passez \u00e0 l\u2019autre secteur. Entre-temps, vous travaillez sur un projet parall\u00e8le sensationnel et, \u00e0 la fin du stage, vous d\u00e9cidez de la suite de votre parcours en collaboration avec nos \u00e9quipes de vente. Nous rencontrons Laura Richard (24 ans) et Dauphine Dormans (25 ans), qui sont en plein stage, et nous \u00e9valuons leurs id\u00e9es et leur vision de l&rsquo;avenir.<\/strong><\/p>\n\n\n\n<p><strong>Laura : <\/strong>\u00ab&nbsp;J&rsquo;ai toujours r\u00eav\u00e9 de me lancer dans le secteur de l&rsquo;alimentation et des boissons et lorsque j&rsquo;ai vu le poste de stagiaire en vente se pr\u00e9senter, j&rsquo;ai tout de suite fonc\u00e9. En tant que fi\u00e8re Limbourgeoise vivant \u00e0 deux pas de la brasserie d&rsquo;Alken, la marque Alken-Maes m&rsquo;a beaucoup plu. Ce statut de h\u00e9ros local est un atout suppl\u00e9mentaire tr\u00e8s appr\u00e9ciable. En outre, la nature d&rsquo;un tel stage est tr\u00e8s attrayante : il s&rsquo;agit d&rsquo;abord de go\u00fbter \u00e0 toutes les possibilit\u00e9s offertes par le d\u00e9partement des ventes, puis de faire des choix \u00e9clair\u00e9s et d&rsquo;\u00e9voluer.&nbsp;\u00bb<\/p>\n\n\n\n<p><strong>Dauphine : <\/strong>\u00abJ&rsquo;avais d\u00e9j\u00e0 une premi\u00e8re exp\u00e9rience professionnelle, mais je cherchais un stage. Pourquoi ? Parce que c&rsquo;est une fa\u00e7on tr\u00e8s organique d&rsquo;\u00e9voluer au sein d&rsquo;un emploi et d&rsquo;une organisation. Par co\u00efncidence, je suis \u00e9galement originaire du Limbourg. Contribuer \u00e0 la <em>Cristalleke<\/em>, par exemple, est donc une belle mission personnelle. En outre, il s&rsquo;agit tout simplement d&rsquo;une entreprise solide dot\u00e9e d&rsquo;un beau portefeuille de marques. Dans le cadre d&rsquo;une fonction de vente, on pr\u00e9f\u00e8re de toute fa\u00e7on aller sur la route avec de beaux produits.&nbsp;\u00bb<\/p>\n\n\n\n<p><strong>Laura : <\/strong>\u00ab&nbsp;J&rsquo;ai \u00e9tudi\u00e9 le commerce international \u00e0 Maastricht, il \u00e9tait donc important pour moi de pouvoir travailler dans un contexte international. Chez Alken-Maes, on a vraiment le meilleur des deux mondes : d&rsquo;une part, on a l&rsquo;ancrage local, d&rsquo;autre part, on fait partie de The HEINEKEN Company. La possibilit\u00e9 de se familiariser avec le march\u00e9 belge et, plus tard, avec le march\u00e9 international, coexiste tout simplement ici. Pour quelqu&rsquo;un qui a une ambition de croissance, c&rsquo;est une combinaison parfaite.&nbsp;\u00bb<\/p>\n\n\n\n<figure class=\"wp-block-image size-large\"><img loading=\"lazy\" decoding=\"async\" width=\"1024\" height=\"684\" src=\"https:\/\/alkenmaes.abako.be\/wp-content\/uploads\/2023\/12\/AM-429-1024x684.jpg\" alt=\"\" class=\"wp-image-5806\" srcset=\"https:\/\/jobs.alken-maes.com\/wp-content\/uploads\/2023\/12\/AM-429-1024x684.jpg 1024w, https:\/\/jobs.alken-maes.com\/wp-content\/uploads\/2023\/12\/AM-429-300x200.jpg 300w, https:\/\/jobs.alken-maes.com\/wp-content\/uploads\/2023\/12\/AM-429-768x513.jpg 768w, https:\/\/jobs.alken-maes.com\/wp-content\/uploads\/2023\/12\/AM-429-1536x1025.jpg 1536w, https:\/\/jobs.alken-maes.com\/wp-content\/uploads\/2023\/12\/AM-429-272x182.jpg 272w, https:\/\/jobs.alken-maes.com\/wp-content\/uploads\/2023\/12\/AM-429.jpg 2000w\" sizes=\"(max-width: 1024px) 100vw, 1024px\" \/><\/figure>\n\n\n\n<h2 class=\"wp-block-heading\">A propos du poste<\/h2>\n\n\n\n<p><strong>Dauphine : <\/strong>\u00ab&nbsp;En tant que repr\u00e9sentante commerciale off-trade, je suis sur la route quatre jours par semaine et l&rsquo;autre jour, je suis au bureau pour travailler sur un projet de donn\u00e9es. Concr\u00e8tement, je travaille dans le commerce de d\u00e9tail et je veille \u00e0 ce que les produits Alken-Maes soient le plus possible mis en valeur dans les supermarch\u00e9s, par exemple. Cela implique \u00e9galement de vendre des promotions et de renforcer les relations avec nos clients d\u00e9taillants. Ce qui est bien avec le projet de donn\u00e9es, sans entrer dans les d\u00e9tails, c&rsquo;est que nous pouvons imm\u00e9diatement appliquer la th\u00e9orie dans la pratique. Ce que nous d\u00e9veloppons pour les personnes sur le terrain, je peux imm\u00e9diatement le tester dans le cadre de mes fonctions.&nbsp;\u00bb<\/p>\n\n\n\n<p><strong>Laura : <\/strong>\u00ab&nbsp;Trois \u00e0 quatre jours par semaine, je suis sur la route et je visite les points de vente. Strongbow, Affligem Blond 0,0 %, Desperados et Hapkin BIPA sont actuellement mes marques de pr\u00e9dilection, ce qui constitue un portefeuille tr\u00e8s vari\u00e9 et rend chaque visite diff\u00e9rente. La fa\u00e7on dont vous entrez est toujours la m\u00eame, la fa\u00e7on dont vous sortez est toujours diff\u00e9rente et c&rsquo;est ce qui rend les ventes si dynamiques. C&rsquo;est surtout lorsque vous entrez dans un \u00e9tablissement horeca qui n&rsquo;est pas encore client que le v\u00e9ritable d\u00e9fi se pose. Un jour par semaine, je travaille sur une mission strat\u00e9gique que nous pourrons, je l&rsquo;esp\u00e8re, bient\u00f4t mettre en pratique, mais je ne peux pas encore en dire plus. Ce que je tiens \u00e0 souligner, c&rsquo;est que je pense que le m\u00e9lange entre <em>desk research<\/em> et <em>field research<\/em> est tout \u00e0 fait appropri\u00e9.&nbsp;\u00bb<\/p>\n\n\n\n<blockquote class=\"wp-block-quote\"><p>\u00ab&nbsp;<em><em>La vente est hyperdynamique : aucune conversation n&rsquo;est identique et le r\u00e9sultat est toujours adapt\u00e9 au client.<\/em><\/em> \u00bb&nbsp;<\/p><cite>Dauphine Dormans<\/cite><\/blockquote>\n\n\n\n<p><strong>Dauphine : <\/strong>\u00ab&nbsp;Comme j&rsquo;avais d\u00e9j\u00e0 une certaine exp\u00e9rience, je pouvais estimer un peu ce que ce travail impliquerait. Heureusement, c&rsquo;est beaucoup plus amusant que je ne le pensais. La vente est vraiment un travail d&rsquo;\u00e9quipe, vous construisez une relation de confiance avec les directeurs de magasin et les chefs de secteur et cela aboutit, je l&rsquo;esp\u00e8re, \u00e0 ce que nos produits brillent dans tous les supermarch\u00e9s. Une autre chose que je veux absolument mentionner est l&rsquo;atmosph\u00e8re qui r\u00e8gne au sein de l&rsquo;\u00e9quipe. Arriver dans un nouvel endroit est toujours excitant, mais j&rsquo;ai \u00e9t\u00e9 extr\u00eamement bien soutenu d\u00e8s le premier jour et c&rsquo;est ainsi que l&rsquo;on fait naturellement des bonds en avant.&nbsp;\u00bb<\/p>\n\n\n\n<p><strong>Laura : <\/strong>\u00ab&nbsp;En effet, j&rsquo;aimerais aussi parler un peu de la culture du travail ici, car c&rsquo;est peut-\u00eatre ce qui m&rsquo;a le plus s\u00e9duite. Tout au long du processus, du premier entretien au recrutement, je me suis vraiment sentie \u00e0 l&rsquo;aise et c&rsquo;est ce qui fait toute la diff\u00e9rence. Malgr\u00e9 la taille de l&rsquo;organisation, il r\u00e8gne ici une atmosph\u00e8re de travail tr\u00e8s famili\u00e8re et agr\u00e9able. L&rsquo;ambiance de travail y est tr\u00e8s famili\u00e8re et agr\u00e9able, avec un bon \u00e9quilibre entre l&rsquo;ambition, la performance et l&rsquo;amusement.&nbsp;\u00bb<\/p>\n\n\n\n<blockquote class=\"wp-block-quote\"><p>\u00ab <em>Mon produit Alken-Maes pr\u00e9f\u00e9r\u00e9 ? La Hapkin BIPA, une IPA classique avec une touche belge : non filtr\u00e9e, blonde et subtilement houblonn\u00e9e.<\/em> \u00bb<\/p><cite>Laura Richard<\/cite><\/blockquote>\n\n\n\n<hr class=\"wp-block-separator has-alpha-channel-opacity\"\/>\n","protected":false},"excerpt":{"rendered":"<p>Avec notre stage de vente, Alken-Maes vous offre une fa\u00e7on unique d&rsquo;\u00e9voluer au sein de notre organisation : vous commencez les six premiers mois en Out-of-home (secteur de l\u2019Horeca, \u00e9v\u00e9nements) ou Off-trade (retail) et au milieu de l&rsquo;ann\u00e9e, vous passez \u00e0 l\u2019autre secteur. Entre-temps, vous travaillez sur un projet parall\u00e8le sensationnel et, \u00e0 la fin [&hellip;]<\/p>\n","protected":false},"featured_media":5803,"template":"","yoast_head":"<!-- This site is optimized with the Yoast SEO plugin v22.2 - https:\/\/yoast.com\/wordpress\/plugins\/seo\/ -->\n<title>Laura et Dauphine parlent de leur stage de vente chez Alken-Maes<\/title>\n<meta name=\"description\" content=\"Avec notre stage de vente, nous offrons une fa\u00e7on unique de progresser chez Alken-Maes : vous travaillez six mois dans l&#039;off-trade et OOH.\" \/>\n<meta name=\"robots\" content=\"index, follow, max-snippet:-1, max-image-preview:large, max-video-preview:-1\" \/>\n<link rel=\"canonical\" href=\"https:\/\/jobs.alken-maes.com\/fr\/testimonial\/le-point-de-vue-de-laura-richard-et-dauphine-dormans-stagiaires-en-vente\/\" \/>\n<meta property=\"og:locale\" content=\"fr_FR\" \/>\n<meta property=\"og:type\" content=\"article\" \/>\n<meta property=\"og:title\" content=\"Laura et Dauphine parlent de leur stage de vente chez Alken-Maes\" \/>\n<meta property=\"og:description\" content=\"Avec notre stage de vente, nous offrons une fa\u00e7on unique de progresser chez Alken-Maes : vous travaillez six mois dans l&#039;off-trade et OOH.\" \/>\n<meta property=\"og:url\" content=\"https:\/\/jobs.alken-maes.com\/fr\/testimonial\/le-point-de-vue-de-laura-richard-et-dauphine-dormans-stagiaires-en-vente\/\" \/>\n<meta property=\"og:site_name\" content=\"Alken-Maes\" \/>\n<meta property=\"article:modified_time\" content=\"2024-06-10T12:21:45+00:00\" \/>\n<meta property=\"og:image\" content=\"https:\/\/jobs.alken-maes.com\/wp-content\/uploads\/2023\/12\/AM-435-1024x684.jpg\" \/>\n\t<meta property=\"og:image:width\" content=\"1024\" \/>\n\t<meta property=\"og:image:height\" content=\"684\" \/>\n\t<meta property=\"og:image:type\" content=\"image\/jpeg\" \/>\n<meta name=\"twitter:card\" content=\"summary_large_image\" \/>\n<meta name=\"twitter:label1\" content=\"Dur\u00e9e de lecture estim\u00e9e\" \/>\n\t<meta name=\"twitter:data1\" content=\"5 minutes\" \/>\n<script type=\"application\/ld+json\" class=\"yoast-schema-graph\">{\"@context\":\"https:\/\/schema.org\",\"@graph\":[{\"@type\":\"WebPage\",\"@id\":\"https:\/\/jobs.alken-maes.com\/fr\/testimonial\/le-point-de-vue-de-laura-richard-et-dauphine-dormans-stagiaires-en-vente\/\",\"url\":\"https:\/\/jobs.alken-maes.com\/fr\/testimonial\/le-point-de-vue-de-laura-richard-et-dauphine-dormans-stagiaires-en-vente\/\",\"name\":\"Laura et Dauphine parlent de leur stage de vente chez Alken-Maes\",\"isPartOf\":{\"@id\":\"https:\/\/jobs.alken-maes.com\/fr\/#website\"},\"primaryImageOfPage\":{\"@id\":\"https:\/\/jobs.alken-maes.com\/fr\/testimonial\/le-point-de-vue-de-laura-richard-et-dauphine-dormans-stagiaires-en-vente\/#primaryimage\"},\"image\":{\"@id\":\"https:\/\/jobs.alken-maes.com\/fr\/testimonial\/le-point-de-vue-de-laura-richard-et-dauphine-dormans-stagiaires-en-vente\/#primaryimage\"},\"thumbnailUrl\":\"https:\/\/jobs.alken-maes.com\/wp-content\/uploads\/2023\/12\/AM-435.jpg\",\"datePublished\":\"2024-01-16T11:31:48+00:00\",\"dateModified\":\"2024-06-10T12:21:45+00:00\",\"description\":\"Avec notre stage de vente, nous offrons une fa\u00e7on unique de progresser chez Alken-Maes : vous travaillez six mois dans l'off-trade et OOH.\",\"breadcrumb\":{\"@id\":\"https:\/\/jobs.alken-maes.com\/fr\/testimonial\/le-point-de-vue-de-laura-richard-et-dauphine-dormans-stagiaires-en-vente\/#breadcrumb\"},\"inLanguage\":\"fr-FR\",\"potentialAction\":[{\"@type\":\"ReadAction\",\"target\":[\"https:\/\/jobs.alken-maes.com\/fr\/testimonial\/le-point-de-vue-de-laura-richard-et-dauphine-dormans-stagiaires-en-vente\/\"]}]},{\"@type\":\"ImageObject\",\"inLanguage\":\"fr-FR\",\"@id\":\"https:\/\/jobs.alken-maes.com\/fr\/testimonial\/le-point-de-vue-de-laura-richard-et-dauphine-dormans-stagiaires-en-vente\/#primaryimage\",\"url\":\"https:\/\/jobs.alken-maes.com\/wp-content\/uploads\/2023\/12\/AM-435.jpg\",\"contentUrl\":\"https:\/\/jobs.alken-maes.com\/wp-content\/uploads\/2023\/12\/AM-435.jpg\",\"width\":2000,\"height\":1335},{\"@type\":\"BreadcrumbList\",\"@id\":\"https:\/\/jobs.alken-maes.com\/fr\/testimonial\/le-point-de-vue-de-laura-richard-et-dauphine-dormans-stagiaires-en-vente\/#breadcrumb\",\"itemListElement\":[{\"@type\":\"ListItem\",\"position\":1,\"name\":\"Home\",\"item\":\"https:\/\/jobs.alken-maes.com\/fr\/\"},{\"@type\":\"ListItem\",\"position\":2,\"name\":\"Laura &amp; Dauphine\"}]},{\"@type\":\"WebSite\",\"@id\":\"https:\/\/jobs.alken-maes.com\/fr\/#website\",\"url\":\"https:\/\/jobs.alken-maes.com\/fr\/\",\"name\":\"Alken-Maes\",\"description\":\"\",\"potentialAction\":[{\"@type\":\"SearchAction\",\"target\":{\"@type\":\"EntryPoint\",\"urlTemplate\":\"https:\/\/jobs.alken-maes.com\/fr\/?s={search_term_string}\"},\"query-input\":\"required name=search_term_string\"}],\"inLanguage\":\"fr-FR\"}]}<\/script>\n<!-- \/ Yoast SEO plugin. -->","yoast_head_json":{"title":"Laura et Dauphine parlent de leur stage de vente chez Alken-Maes","description":"Avec notre stage de vente, nous offrons une fa\u00e7on unique de progresser chez Alken-Maes : vous travaillez six mois dans l'off-trade et OOH.","robots":{"index":"index","follow":"follow","max-snippet":"max-snippet:-1","max-image-preview":"max-image-preview:large","max-video-preview":"max-video-preview:-1"},"canonical":"https:\/\/jobs.alken-maes.com\/fr\/testimonial\/le-point-de-vue-de-laura-richard-et-dauphine-dormans-stagiaires-en-vente\/","og_locale":"fr_FR","og_type":"article","og_title":"Laura et Dauphine parlent de leur stage de vente chez Alken-Maes","og_description":"Avec notre stage de vente, nous offrons une fa\u00e7on unique de progresser chez Alken-Maes : vous travaillez six mois dans l'off-trade et OOH.","og_url":"https:\/\/jobs.alken-maes.com\/fr\/testimonial\/le-point-de-vue-de-laura-richard-et-dauphine-dormans-stagiaires-en-vente\/","og_site_name":"Alken-Maes","article_modified_time":"2024-06-10T12:21:45+00:00","og_image":[{"width":1024,"height":684,"url":"https:\/\/jobs.alken-maes.com\/wp-content\/uploads\/2023\/12\/AM-435-1024x684.jpg","type":"image\/jpeg"}],"twitter_card":"summary_large_image","twitter_misc":{"Dur\u00e9e de lecture estim\u00e9e":"5 minutes"},"schema":{"@context":"https:\/\/schema.org","@graph":[{"@type":"WebPage","@id":"https:\/\/jobs.alken-maes.com\/fr\/testimonial\/le-point-de-vue-de-laura-richard-et-dauphine-dormans-stagiaires-en-vente\/","url":"https:\/\/jobs.alken-maes.com\/fr\/testimonial\/le-point-de-vue-de-laura-richard-et-dauphine-dormans-stagiaires-en-vente\/","name":"Laura et Dauphine parlent de leur stage de vente chez Alken-Maes","isPartOf":{"@id":"https:\/\/jobs.alken-maes.com\/fr\/#website"},"primaryImageOfPage":{"@id":"https:\/\/jobs.alken-maes.com\/fr\/testimonial\/le-point-de-vue-de-laura-richard-et-dauphine-dormans-stagiaires-en-vente\/#primaryimage"},"image":{"@id":"https:\/\/jobs.alken-maes.com\/fr\/testimonial\/le-point-de-vue-de-laura-richard-et-dauphine-dormans-stagiaires-en-vente\/#primaryimage"},"thumbnailUrl":"https:\/\/jobs.alken-maes.com\/wp-content\/uploads\/2023\/12\/AM-435.jpg","datePublished":"2024-01-16T11:31:48+00:00","dateModified":"2024-06-10T12:21:45+00:00","description":"Avec notre stage de vente, nous offrons une fa\u00e7on unique de progresser chez Alken-Maes : vous travaillez six mois dans l'off-trade et OOH.","breadcrumb":{"@id":"https:\/\/jobs.alken-maes.com\/fr\/testimonial\/le-point-de-vue-de-laura-richard-et-dauphine-dormans-stagiaires-en-vente\/#breadcrumb"},"inLanguage":"fr-FR","potentialAction":[{"@type":"ReadAction","target":["https:\/\/jobs.alken-maes.com\/fr\/testimonial\/le-point-de-vue-de-laura-richard-et-dauphine-dormans-stagiaires-en-vente\/"]}]},{"@type":"ImageObject","inLanguage":"fr-FR","@id":"https:\/\/jobs.alken-maes.com\/fr\/testimonial\/le-point-de-vue-de-laura-richard-et-dauphine-dormans-stagiaires-en-vente\/#primaryimage","url":"https:\/\/jobs.alken-maes.com\/wp-content\/uploads\/2023\/12\/AM-435.jpg","contentUrl":"https:\/\/jobs.alken-maes.com\/wp-content\/uploads\/2023\/12\/AM-435.jpg","width":2000,"height":1335},{"@type":"BreadcrumbList","@id":"https:\/\/jobs.alken-maes.com\/fr\/testimonial\/le-point-de-vue-de-laura-richard-et-dauphine-dormans-stagiaires-en-vente\/#breadcrumb","itemListElement":[{"@type":"ListItem","position":1,"name":"Home","item":"https:\/\/jobs.alken-maes.com\/fr\/"},{"@type":"ListItem","position":2,"name":"Laura &amp; Dauphine"}]},{"@type":"WebSite","@id":"https:\/\/jobs.alken-maes.com\/fr\/#website","url":"https:\/\/jobs.alken-maes.com\/fr\/","name":"Alken-Maes","description":"","potentialAction":[{"@type":"SearchAction","target":{"@type":"EntryPoint","urlTemplate":"https:\/\/jobs.alken-maes.com\/fr\/?s={search_term_string}"},"query-input":"required name=search_term_string"}],"inLanguage":"fr-FR"}]}},"_links":{"self":[{"href":"https:\/\/jobs.alken-maes.com\/fr\/wp-json\/wp\/v2\/testimonial\/5794"}],"collection":[{"href":"https:\/\/jobs.alken-maes.com\/fr\/wp-json\/wp\/v2\/testimonial"}],"about":[{"href":"https:\/\/jobs.alken-maes.com\/fr\/wp-json\/wp\/v2\/types\/testimonial"}],"wp:featuredmedia":[{"embeddable":true,"href":"https:\/\/jobs.alken-maes.com\/fr\/wp-json\/wp\/v2\/media\/5803"}],"wp:attachment":[{"href":"https:\/\/jobs.alken-maes.com\/fr\/wp-json\/wp\/v2\/media?parent=5794"}],"curies":[{"name":"wp","href":"https:\/\/api.w.org\/{rel}","templated":true}]}}